{"id":3,"date":"2023-01-19T13:26:39","date_gmt":"2023-01-19T12:26:39","guid":{"rendered":"https:\/\/dev.121fitness.ch\/?page_id=3"},"modified":"2023-09-08T13:03:53","modified_gmt":"2023-09-08T11:03:53","slug":"datenschutz","status":"publish","type":"page","link":"https:\/\/121fitness.ch\/de\/datenschutz\/","title":{"rendered":"Datenschutzerkl\u00e4rung"},"content":{"rendered":"\n<div class=\"wp-block-group d-none is-layout-constrained wp-container-core-group-is-layout-f1ba3e7e wp-block-group-is-layout-constrained\">\n<div id=\"wbars\">\n      <div class=\"iub_content legal_pp\">\n\n\n        \n<div class=\"iub_header\">\n\n    <h1>Datenschutzerkl\u00e4rung<\/h1>\n\n      <p>Um Informationen zu den personenbezogenen Daten, dem Zweck und den Parteien, welchen diese Daten mitgeteilt werden, zu erhalten, kontaktieren Sie den Eigent\u00fcmer<\/p>\n<\/div> <!-- \/header -->\n\n\n        \n<div class=\"one_line_col\">\n  <h2 id=\"owner_of_the_data\">\n    Anbieter und Verantwortlicher\n  <\/h2>\n      <p>121fitness GmbH\n<br>Z\u00fcrichstrasse 94a\n<br>CH-8700 K\u00fcsnacht<\/p>\n      <p><strong>E-Mail-Adresse des Anbieters:<\/strong> christian.kuenzli@121fitness.ch<\/p>\n<\/div>\n\n\n<div class=\"one_line_col\">\n  <h2 id=\"types_of_data\">\n    Arten der erhobenen Daten\n  <\/h2>\n\n\n      <p>Der Eigent\u00fcmer stellt keine Auflistung der erhobenen personenbezogenen Daten zur Verf\u00fcgung.<\/p>\n\n  <p>Vollst\u00e4ndige Details zu jeder Art von verarbeiteten personenbezogenen Daten werden in den daf\u00fcr vorgesehenen Abschnitten dieser Datenschutzerkl\u00e4rung oder punktuell durch Erkl\u00e4rungstexte bereitgestellt, die vor der Datenerhebung angezeigt werden.<br>Personenbezogene Daten k\u00f6nnen vom Nutzer freiwillig angegeben oder, im Falle von Nutzungsdaten, automatisch erhoben werden, wenn diese Anwendung genutzt wird.<br>Sofern nicht anders angegeben, ist die Angabe aller durch diese Anwendung angeforderten Daten obligatorisch. Weigert sich der Nutzer, die Daten anzugeben, kann dies dazu f\u00fchren, dass diese Anwendung dem Nutzer ihre Dienste nicht zur Verf\u00fcgung stellen kann. In F\u00e4llen, in denen diese Anwendung die Angabe personenbezogener Daten ausdr\u00fccklich als freiwillig bezeichnet, d\u00fcrfen sich die Nutzer daf\u00fcr entscheiden, diese Daten ohne jegliche Folgen f\u00fcr die Verf\u00fcgbarkeit oder die Funktionsf\u00e4higkeit des Dienstes nicht anzugeben.<br>Nutzer, die sich dar\u00fcber im Unklaren sind, welche personenbezogenen Daten obligatorisch sind, k\u00f6nnen sich an den Anbieter wenden.<br>Jegliche Verwendung von Cookies \u2013 oder anderer Tracking-Tools \u2013 durch diese Anwendung oder Anbieter von Drittdiensten, die durch diese Anwendung eingesetzt werden, dient dem Zweck, den vom Nutzer gew\u00fcnschten Dienst zu erbringen, und allen anderen Zwecken, die im vorliegenden Dokument beschrieben sind.<\/p>\n  <p>Die Nutzer sind f\u00fcr alle personenbezogenen Daten Dritter verantwortlich, die durch diese Anwendung.<\/p>\n<\/div>\n\n\n<div class=\"one_line_col\">\n  <h2 id=\"place_of_processing\">Art und Ort der Datenverarbeitung<\/h2>\n  <h3 class=\"iub-subheading iub-subheading-legal-mode-processing\">\n    Verarbeitungsmethoden\n  <\/h3>\n  <p>Der Anbieter verarbeitet die Nutzerdaten auf ordnungsgem\u00e4\u00dfe Weise und ergreift angemessene Sicherheitsma\u00dfnahmen, um den unbefugten Zugriff und die unbefugte Weiterleitung, Ver\u00e4nderung oder Vernichtung von Daten zu vermeiden.<br>Die Datenverarbeitung wird mittels Computern oder IT-basierten Systemen nach organisatorischen Verfahren und Verfahrensweisen durchgef\u00fchrt, die gezielt auf die angegebenen Zwecke abstellen. Zus\u00e4tzlich zum Verantwortlichen k\u00f6nnten auch andere Personen intern (Personalverwaltung, Vertrieb, Marketing, Rechtsabteilung, Systemadministratoren) oder extern \u2013 und in dem Fall soweit erforderlich, vom Verantwortlichen als Auftragsverarbeiter benannt (wie Anbieter technischer Dienstleistungen, Zustellunternehmen, Hosting-Anbieter, IT-Unternehmen oder Kommunikationsagenturen) &#8211;  diese Anwendung betreiben und damit Zugriff auf die Daten haben. Eine aktuelle Liste dieser Beteiligten kann jederzeit vom Anbieter verlangt werden.<\/p>\n\n  <h3 class=\"iub-subheading iub-subheading-legal-place\">\n    Ort\n  <\/h3>\n  <p>Die Daten werden in der Niederlassung des Anbieters und an allen anderen Orten, an denen sich die an der Datenverarbeitung beteiligten Stellen befinden, verarbeitet.<br><br>Je nach Standort der Nutzer k\u00f6nnen Daten\u00fcbertragungen die \u00dcbertragung der Daten des Nutzers in ein anderes Land als das eigene beinhalten. Um mehr \u00fcber den Ort der Verarbeitung der \u00fcbermittelten Daten zu erfahren, k\u00f6nnen die Nutzer den Abschnitt mit den ausf\u00fchrlichen Angaben zur Verarbeitung der personenbezogenen Daten konsultieren.<\/p>\n\n  <h3 class=\"iub-subheading iub-subheading-legal-time\">\n    Speicherdauer\n  <\/h3>\n  <p>Sofern in diesem Dokument nicht anderweitig festgelegt, werden personenbezogene Daten so lange verarbeitet und gespeichert, wie es der Zweck erfordert, zu dem sie erhoben wurden, und k\u00f6nnen ggf. aufgrund einer zu erf\u00fcllenden rechtlichen Verpflichtung oder basierend auf der Einwilligung des Nutzers auch l\u00e4nger aufbewahrt werden.<\/p>\n<\/div>\n\n\n\n\n\n\n\n\n\n\n<div data-locale=\"de\"><\/div>\n\n\n\n\n\n\n\n\n<div data-locale=\"de\"><\/div>\n\n\n\n\n\n    \n\n\n  <h2 id=\"cookie_policy_further_information\">\n    Weitere Informationen f\u00fcr Nutzer\n      <\/h2>\n\n\n  <h3 class=\"iub-subheading iub-subheading-legal-basis-of-processing\">\n  Rechtsgrundlagen der Verarbeitung\n<\/h3>\n<p>Der Anbieter darf personenbezogene Daten von Nutzern nur dann verarbeiten, wenn einer der folgenden Punkte zutrifft:<\/p>\n<ul>\n  <li>Die Nutzer haben ihre Einwilligung f\u00fcr einen oder mehrere bestimmte Zwecke erteilt. Hinweis: In einigen Gesetzgebungen kann es dem Anbieter gestattet sein, personenbezogene Daten zu verarbeiten, bis der Nutzer einer solchen Verarbeitung widerspricht (\u201eOpt-out\u201c), ohne sich auf die Einwilligung oder eine andere der folgenden Rechtsgrundlagen verlassen zu m\u00fcssen. Dies gilt jedoch nicht, wenn die Verarbeitung personenbezogener Daten dem europ\u00e4ischen Datenschutzrecht unterliegt;<\/li>\n  <li>die Datenerhebung ist f\u00fcr die Erf\u00fcllung eines Vertrages mit dem Nutzer und\/oder f\u00fcr vorvertragliche Ma\u00dfnahmen daraus erforderlich;<\/li>\n  <li>die Verarbeitung ist f\u00fcr die Erf\u00fcllung einer rechtlichen Verpflichtung, der der Anbieter unterliegt, erforderlich;<\/li>\n  <li>die Verarbeitung steht im Zusammenhang mit einer Aufgabe, die im \u00f6ffentlichen Interesse oder in Aus\u00fcbung hoheitlicher Befugnisse, die dem Anbieter \u00fcbertragen wurden, durchgef\u00fchrt wird;<\/li>\n  <li>die Verarbeitung ist zur Wahrung der berechtigten Interessen des Anbieters oder eines Dritten erforderlich.<\/li>\n<\/ul>\n<p>In jedem Fall erteilt der Anbieter gerne Auskunft \u00fcber die konkrete Rechtsgrundlage, auf der die Verarbeitung beruht, insbesondere dar\u00fcber, ob die Angabe personenbezogener Daten eine gesetzliche oder vertragliche Verpflichtung oder eine Voraussetzung f\u00fcr den Abschluss eines Vertrages ist.<\/p>\n\n\n  <h3 class=\"iub-subheading iub-subheading-legal-time\">\n  Weitere Informationen zur Verweildauer\n<\/h3>\n\n<p>Sofern in diesem Dokument nicht anderweitig festgelegt, werden personenbezogene Daten so lange verarbeitet und gespeichert, wie es der Zweck erfordert, zu dem sie erhoben wurden, und k\u00f6nnen ggf. aufgrund einer zu erf\u00fcllenden rechtlichen Verpflichtung oder basierend auf der Einwilligung des Nutzers auch l\u00e4nger aufbewahrt werden.<\/p>\n<p>Daher gilt:<\/p>\n<ul>\n  <li>Personenbezogene Daten, die zu Zwecken der Erf\u00fcllung eines zwischen dem Anbieter und dem Nutzer geschlossenen Vertrages erhoben werden, werden bis zur vollst\u00e4ndigen Erf\u00fcllung dieses Vertrages gespeichert.<\/li>\n  <li>Personenbezogene Daten, die zur Wahrung der berechtigten Interessen des Anbieters erhoben werden, werden so lange aufbewahrt, wie es zur Erf\u00fcllung dieser Zwecke erforderlich ist. Nutzer k\u00f6nnen n\u00e4here Informationen \u00fcber die berechtigten Interessen des Anbieters in den entsprechenden Abschnitten dieses Dokuments oder durch Kontaktaufnahme zum Anbieter erhalten.<\/li>\n<\/ul>\n<p>Dar\u00fcber hinaus ist es dem Anbieter gestattet, personenbezogene Daten f\u00fcr einen l\u00e4ngeren Zeitraum zu speichern, wenn der Nutzer in eine solche Verarbeitung eingewilligt hat, solange die Einwilligung nicht widerrufen wird. Dar\u00fcber hinaus kann der Anbieter verpflichtet sein, personenbezogene Daten f\u00fcr einen l\u00e4ngeren Zeitraum aufzubewahren, wenn dies zur Erf\u00fcllung einer gesetzlichen Verpflichtung oder auf Anordnung einer Beh\u00f6rde erforderlich ist.<br><br>\nNach Ablauf der Aufbewahrungsfrist werden personenbezogene Daten gel\u00f6scht. Daher k\u00f6nnen das Auskunftsrecht, das Recht auf L\u00f6schung, das Recht auf Berichtigung und das Recht auf Daten\u00fcbertragbarkeit nach Ablauf der Aufbewahrungsfrist nicht geltend gemacht werden.<\/p>\n\n\n  <h3 id=\"rights_subjects\">Die Rechte der Nutzer<\/h3>\n<p>Die Nutzer k\u00f6nnen bestimmte Rechte in Bezug auf ihre vom Anbieter verarbeiteten Daten aus\u00fcben.<\/p>\n\n<p>Nutzer haben im gesetzlich zul\u00e4ssigen Umfang insbesondere das Recht, Folgendes zu tun:<\/p>\n\n<ul>\n  <li><strong>Die Einwilligungen jederzeit widerrufen.<\/strong> Hat der Nutzer zuvor in die Verarbeitung personenbezogener Daten eingewilligt, so kann er die eigene Einwilligung jederzeit widerrufen.<\/li>\n  <li><strong>Widerspruch gegen die Verarbeitung ihrer Daten einlegen.<\/strong> Der Nutzer hat das Recht, der Verarbeitung seiner Daten zu widersprechen, wenn die Verarbeitung auf einer anderen Rechtsgrundlage als der Einwilligung erfolgt.<\/li>\n  <li><strong>Auskunft bez\u00fcglich ihrer Daten erhalten.<\/strong> Der Nutzer hat das Recht zu erfahren, ob die Daten vom Anbieter verarbeitet werden, \u00fcber einzelne Aspekte der Verarbeitung Auskunft zu erhalten und eine Kopie der Daten zu erhalten.<\/li>\n  <li><strong>\u00dcberpr\u00fcfen und berichtigen lassen.<\/strong> Der Nutzer hat das Recht, die Richtigkeit seiner Daten zu \u00fcberpr\u00fcfen und deren Aktualisierung oder Berichtigung zu verlangen.<\/li>\n  <li><strong>Einschr\u00e4nkung der Verarbeitung ihrer Daten verlangen.<\/strong> Die Nutzer haben das Recht, die Verarbeitung ihrer Daten einzuschr\u00e4nken. In diesem Fall wird der Anbieter die Daten zu keinem anderen Zweck als der Speicherung verarbeiten.<\/li>\n  <li><strong>L\u00f6schung oder anderweitiges Entfernen der personenbezogenen Daten verlangen.<\/strong> Die Nutzer haben das Recht, vom Anbieter die L\u00f6schung ihrer Daten zu verlangen.<\/li>\n  <li><strong>Ihre Daten erhalten und an einen anderen Verantwortlichen \u00fcbertragen lassen.<\/strong> Der Nutzer hat das Recht, seine Daten in einem strukturierten, g\u00e4ngigen und maschinenlesbaren Format zu erhalten und, sofern technisch m\u00f6glich, ungehindert an einen anderen Verantwortlichen \u00fcbermitteln zu lassen.<\/li>\n  <li><strong>Beschwerde einreichen.<\/strong> Die Nutzer haben das Recht, eine Beschwerde bei der zust\u00e4ndigen Aufsichtsbeh\u00f6rde einzureichen.<\/li>\n<\/ul>\n\n<p>\n  Die Nutzer haben auch das Recht, sich \u00fcber die Rechtsgrundlage der Daten\u00fcbermittlung ins Ausland oder an eine internationale Organisation, die dem V\u00f6lkerrecht unterliegt oder von zwei oder mehr L\u00e4ndern gegr\u00fcndet wurde, wie beispielsweise die UNO, sowie sich \u00fcber die vom Anbieter ergriffenen Sicherheitsma\u00dfnahmen zum Schutz ihrer Daten aufkl\u00e4ren zu lassen.\n<\/p>\n\n<h4 class=\"iub-subheading iub-subheading-legal-right-to-object\">\n  Details zum Widerspruchsrecht bez\u00fcglich der Verarbeitung\n<\/h4>\n<p><strong>Werden personenbezogene Daten im \u00f6ffentlichen Interesse, in Aus\u00fcbung eines dem Anbieter \u00fcbertragenen hoheitlichen Befugnisses oder zur Wahrung der berechtigten Interessen des Anbieters verarbeitet, kann der Nutzer dieser Verarbeitung widersprechen, indem er einen Rechtfertigungsgrund angibt, der sich auf seine besondere Situation bezieht.<\/strong><\/p>\n<p><strong>Nutzer werden dar\u00fcber informiert, dass sie der Verarbeitung der personenbezogenen Daten f\u00fcr Direktwerbung jederzeit unentgeltlich ohne Angabe von Gr\u00fcnden widersprechen k\u00f6nnen. Widerspricht der Nutzer der Verarbeitung f\u00fcr Zwecke der Direktwerbung, so werden die personenbezogenen Daten nicht mehr f\u00fcr diese Zwecke verarbeitet. Ob der Anbieter personenbezogene Daten f\u00fcr Direktwerbungszwecke verarbeitet, k\u00f6nnen die Nutzer den entsprechenden Abschnitten dieses Dokuments entnehmen.<\/strong><\/p>\n\n<h4 class=\"iub-subheading iub-subheading-legal-how-to-exercise\">\n  Wie die Rechte ausge\u00fcbt werden k\u00f6nnen\n<\/h4>\n<p>Alle Anfragen zur Aus\u00fcbung der Nutzerrechte k\u00f6nnen \u00fcber die in diesem Dokument angegebenen Kontaktdaten an den Anbieter gerichtet werden. Anfragen k\u00f6nnen kostenlos gestellt werden und werden vom Anbieter so fr\u00fch wie m\u00f6glich, sp\u00e4testens innerhalb  eines Monats, beantwortet und den Nutzern die gesetzlich vorgeschriebenen Informationen zur Verf\u00fcgung gestellt. Jede Berichtigung oder L\u00f6schung personenbezogener Daten oder die Einschr\u00e4nkung der Verarbeitung teilt der Anbieter allen Empf\u00e4ngern, denen personenbezogene Daten offengelegt wurden, mit, falls es welche gibt. Es sei denn, dies erweist sich als unm\u00f6glich oder ist mit einem unverh\u00e4ltnism\u00e4\u00dfigen Aufwand verbunden. Der Anbieter unterrichtet den Nutzer \u00fcber diese Empf\u00e4nger, wenn der Nutzer dies verlangt. <\/p>\n\n\n  <div class=\"one_line_col\">\n  \n\n  \n<\/div>\n\n\n\n  <div class=\"one_line_col\">\n      <h2 id=\"fadp_info\">\n        Weitere Informationen f\u00fcr Nutzer\n         in der Schweiz\n      <\/h2>\n        <p>Dieser Abschnitt gilt f\u00fcr Nutzer in der Schweiz und ersetzt f\u00fcr diese Nutzer alle anderen m\u00f6glicherweise abweichenden oder widerspr\u00fcchlichen Informationen in der Datenschutzerkl\u00e4rung.<\/p>\n        <p>Weitere Einzelheiten zu den verarbeiteten Datenkategorien, den Zwecken der Verarbeitung, den Kategorien von Empf\u00e4ngern der personenbezogenen Daten, falls vorhanden, der Aufbewahrungsfrist und weiteren Informationen \u00fcber personenbezogene Daten finden Sie im <strong>Abschnitt &#171;Detaillierte Informationen \u00fcber die Verarbeitung personenbezogener Daten&#187; in diesem Dokument<\/strong>.<\/p>\n\n      <h3 id=\"fadp_info_description\">Die Rechte der Nutzer nach dem Schweizerischen Bundesgesetz \u00fcber den Datenschutz<\/h3>\n      <p>Die Nutzer k\u00f6nnen im Rahmen der gesetzlichen Bestimmungen bestimmte Rechte in Bezug auf ihre Daten aus\u00fcben, darunter die folgenden:<\/p>\n\n      <ul>\n        <li>Recht auf Zugang zu personenbezogenen Daten;<\/li>\n        <li>das Recht, der Verarbeitung ihrer personenbezogenen Daten zu widersprechen (was es den Nutzern auch erm\u00f6glicht, die Einschr\u00e4nkung der Verarbeitung personenbezogener Daten, die L\u00f6schung oder Vernichtung personenbezogener Daten und das Verbot der Weitergabe bestimmter personenbezogener Daten an Dritte zu verlangen);<\/li>\n        <li>das Recht, ihre personenbezogenen Daten zu erhalten und sie an einen anderen f\u00fcr die Verarbeitung Verantwortlichen zu \u00fcbermitteln (Daten\u00fcbertragbarkeit);<\/li>\n        <li>das Recht, die Berichtigung unrichtiger personenbezogener Daten zu verlangen.<\/li>\n      <\/ul>\n\n      <br>\n      <h4 id=\"fadp_how_to_exercise\">Wie man diese Rechte aus\u00fcbt<\/h4>\n      <p>Alle Anfragen zur Aus\u00fcbung der Nutzerrechte k\u00f6nnen \u00fcber die in diesem Dokument angegebenen Kontaktdaten an den Eigent\u00fcmer gerichtet werden. Derartige Anfragen sind kostenlos und werden vom Eigent\u00fcmer so schnell wie m\u00f6glich beantwortet, wobei die Nutzer die gesetzlich vorgeschriebenen Informationen erhalten.<\/p>\n\n    \n  <\/div>\n\n\n\n\n<div class=\"one_line_col\">\n  <h2 id=\"further_data_processing_info\">Weitere Informationen \u00fcber die Erhebung und Verarbeitung von Daten<\/h2>\n  <h3 class=\"iub-subheading iub-subheading-legal-protection\">\n    Rechtliche Ma\u00dfnahmen\n  <\/h3>\n  <p>Die personenbezogenen Daten des Nutzers k\u00f6nnen vom Anbieter zu Zwecken der Rechtsdurchsetzung innerhalb oder in Vorbereitung gerichtlicher Verfahren verarbeitet werden, die sich daraus ergeben, dass diese Anwendung oder die dazugeh\u00f6rigen Dienste nicht ordnungsgem\u00e4\u00df genutzt wurden.<br>\nDer Nutzer erkl\u00e4rt, sich dessen bewusst zu sein, dass der Anbieter von den Beh\u00f6rden zur Herausgabe von personenbezogenen Daten verpflichtet werden k\u00f6nnte.<\/p>\n  <h3 class=\"iub-subheading iub-subheading-legal-specific-info\">\n    Weitere Informationen \u00fcber die personenbezogenen Daten des Nutzers\n  <\/h3>\n  <p>Zus\u00e4tzlich zu den in dieser Datenschutzerkl\u00e4rung aufgef\u00fchrten Informationen kann diese Anwendung dem Nutzer auf Anfrage weitere kontextbezogene Informationen zur Verf\u00fcgung stellen, die sich auf bestimmte Dienste oder auf die Erhebung und Verarbeitung personenbezogener Daten beziehen. <\/p>\n  <h3 class=\"iub-subheading iub-subheading-legal-maintenance\">\n    Systemprotokolle und Wartung\n  <\/h3>\n  <p>Diese Anwendung und die Dienste von Dritten k\u00f6nnen zu Betriebs- und Wartungszwecken Dateien erfassen, die die \u00fcber diese Anwendung stattfindende Interaktion aufzeichnen (Systemprotokolle), oder andere personenbezogene Daten (z. B. IP-Adresse) zu diesem Zweck verwenden.<\/p>\n  <h3 class=\"iub-subheading iub-subheading-legal-information-not-contained\">\n    Nicht in dieser Datenschutzerkl\u00e4rung enthaltene Informationen\n  <\/h3>\n  <p>Weitere Informationen \u00fcber die Erhebung oder Verarbeitung personenbezogener Daten k\u00f6nnen jederzeit vom Anbieter \u00fcber die aufgef\u00fchrten Kontaktangaben angefordert werden.<\/p>\n\n  <h3 class=\"iub-subheading iub-subheading-legal-changes-to-this-privacy-policy\">\n    \u00c4nderungen dieser Datenschutzerkl\u00e4rung\n  <\/h3>\n  <p>Der Anbieter beh\u00e4lt sich vor, jederzeit \u00c4nderungen an dieser Datenschutzerkl\u00e4rung vorzunehmen, indem Nutzer auf dieser Seite und gegebenenfalls \u00fcber diese Anwendung und\/oder &#8211; soweit technisch und rechtlich m\u00f6glich \u2013 durch das Versenden einer Mitteilung \u00fcber dem Anbieter vorliegende Kontaktdaten der Nutzer informiert werden. Nutzern wird daher nahe gelegt, diese Seite regelm\u00e4\u00dfig aufzurufen und insbesondere das am Seitenende angegebene Datum der letzten \u00c4nderung zu pr\u00fcfen.<br><br>Soweit \u00c4nderungen eine auf der Einwilligung des Nutzers basierte Datennutzung betreffen, so wird der Anbieter &#8211; soweit erforderlich &#8211; eine neue Einwilligung einholen.<\/p>\n\n<\/div>\n\n\n<div class=\"one_line_col\">\n  <div class=\"box_primary box_10 definitions expand\">\n    <h3 id=\"definitions_and_legal_references\" class=\"expand-click w_icon_24 icon_ribbon\">\n      Begriffsbestimmungen und rechtliche Hinweise\n    <\/h3>\n    <div class=\"expand-content\">\n      <h4>Personenbezogene Daten (oder Daten)<\/h4>\n      <p>Alle Informationen, durch die direkt oder in Verbindung mit weiteren Informationen die Identit\u00e4t einer nat\u00fcrlichen Person bestimmt wird oder werden kann.<\/p>\n\n      <h4>Nutzungsdaten<\/h4>\n      <p>Informationen, die diese Anwendung (oder Dienste Dritter, die diese Anwendung in Anspruch nimmt), automatisch erhebt, z. B.: die IP-Adressen oder Domain-Namen der Computer von Nutzern, die diese Anwendung verwenden, die URI-Adressen (Uniform Resource Identifier), den Zeitpunkt der Anfrage, die Methode, die f\u00fcr die \u00dcbersendung der Anfrage an den Server verwendet wurde, die Gr\u00f6\u00dfe der empfangenen Antwort-Datei, der Zahlencode, der den Status der Server-Antwort anzeigt (erfolgreiches Ergebnis, Fehler etc.), das Herkunftsland, die Funktionen des vom Nutzer verwendeten Browsers und Betriebssystems, die diversen Zeitangaben pro Aufruf (z. B. wie viel Zeit auf jeder Seite der Anwendung verbracht wurde) und Angaben \u00fcber den Pfad, dem innerhalb einer Anwendung gefolgt wurde, insbesondere die Reihenfolge der besuchten Seiten, sowie sonstige Informationen \u00fcber das Betriebssystem des Ger\u00e4ts und\/oder die IT-Umgebung des Nutzers.<\/p>\n\n      <h4>Nutzer<\/h4>\n      <p>Die diese Anwendung verwendende Person, die, soweit nicht anders bestimmt, mit dem Betroffenen \u00fcbereinstimmt.<\/p>\n\n      <h4>Betroffener<\/h4>\n      <p>Die nat\u00fcrliche Person, auf die sich die personenbezogenen Daten beziehen.<\/p>\n\n      <h4>Auftragsverarbeiter (oder Auftragsbearbeiter)<\/h4>\n      <p>Nat\u00fcrliche oder juristische Person, Beh\u00f6rde, Einrichtung oder andere Stelle, die personenbezogene Daten im Auftrag des Verantwortlichen verarbeitet, wie in dieser Datenschutzerkl\u00e4rung beschrieben.<\/p>\n\n      <h4>Verantwortlicher (oder Anbieter, teilweise auch Eigent\u00fcmer)<\/h4>\n      <p>Die nat\u00fcrliche oder juristische Person, Beh\u00f6rde, Einrichtung oder andere Stelle, die allein oder gemeinsam mit anderen \u00fcber die Zwecke und Mittel der Verarbeitung personenbezogener Daten sowie die hierf\u00fcr verwendeten Mittel entscheidet, einschlie\u00dflich der Sicherheitsma\u00dfnahmen bez\u00fcglich des sich auf diese Anwendung beziehenden Betriebs und der Nutzung. Soweit nichts anderes angegeben ist, ist der Verantwortliche die nat\u00fcrliche oder juristische Person, \u00fcber welche diese Anwendung angeboten wird.<\/p>\n\n      <h4>Diese Anwendung<\/h4>\n      <p>Das Hardware- oder Software-Tool, mit dem die personenbezogenen Daten des Nutzers erhoben und verarbeitet werden.<\/p>\n\n      <h4>Dienst<\/h4>\n      <p>Der durch diese Anwendung angebotene Dienst, wie in den entsprechenden AGBs (falls vorhanden) und auf dieser Website\/Anwendung beschrieben.<\/p>\n\n      <hr>\n      <h4>Rechtlicher Hinweis<\/h4>\n        <p>Diese Datenschutzerkl\u00e4rung wurde auf der Grundlage von Bestimmungen verschiedener Gesetzgebungen verfasst, einschlie\u00dflich Art. 13\/14 der Verordnung (EU) 2016\/679 (Datenschutz-Grundverordnung).<\/p>\n      <p>Diese Datenschutzerkl\u00e4rung bezieht sich ausschlie\u00dflich auf diese Anwendung, sofern in diesem Dokument nicht anders angegeben.<\/p>\n    <\/div>\n  <\/div>\n<\/div>\n\n\n        \n<div class=\"iub_footer\">\n\n  <p>\n    Letzte Aktualisierung:  5 September 2023\n  <\/p>\n\n\n \n\n<\/div> <!-- \/footer -->\n\n<script type=\"text\/javascript\">\n  window.tryFunc = function(fName,args){\n    if(typeof window[fName]==='function'){\n      window[fName](args);\n    }else{\n      if(args){\n        \/* default behaviour is link *\/\n        if(args.href){\n          \/* default link is target='_blank' *\/\n          window.open(args.href)\n        }\n      }\n    }\n    return false; \/* inhibit default behaviour *\/\n  }\n<\/script>\n\n\n      <\/div> <!-- \/content -->\n    <\/div>\n\n\n\n<div style=\"height:150px\" aria-hidden=\"true\" class=\"wp-block-spacer\"><\/div>\n<\/div>\n\n\n\n<div class=\"wp-block-group is-layout-constrained wp-container-core-group-is-layout-f1ba3e7e wp-block-group-is-layout-constrained\">\n<h1 class=\"wp-block-heading\" id=\"jsectiondatenschutzerklrung\">Datenschutzerkl\u00e4rung<\/h1>\n\n\n\n<p>Wir freuen uns \u00fcber Ihren Besuch auf unserer Internetseite 121fitness.ch und Ihr Interesse an unserem Unternehmen.<\/p>\n\n\n\n<p>Der Schutz Ihrer personenbezogenen Daten, wie z.B. Geburtsdatum, Name, Telefonnummer, Anschrift etc., ist uns ein wichtiges Anliegen.<\/p>\n\n\n\n<p>Der Zweck dieser Datenschutzerkl\u00e4rung besteht darin, Sie \u00fcber die Bearbeitung Ihrer personenbezogenen Daten zu informieren, die wir bei einem Seitenbesuch von Ihnen sammeln. Unsere Datenschutzpraxis steht im Einklang mit den gesetzlichen Regelungen des Bundesgesetzes \u00fcber den Datenschutz (DSG) der Schweiz. Die nachfolgende Datenschutzerkl\u00e4rung dient der Erf\u00fcllung der Informationspflichten aus dem DSG. Diese finden sich z.B. in Art. 19 ff. DSG.<\/p>\n\n\n\n<h2 class=\"wp-block-heading\" id=\"jsectionanameresponsibleentityainhaber\">Inhaber<\/h2>\n\n\n\n<p>Verantwortlicher der Daten im Sinne von Art. 5 Bst. j DSG sind private Personen oder das Bundesorgan, die \u00fcber den Zweck und die Mittel der Bearbeitung entscheiden.<\/p>\n\n\n\n<p>Im Hinblick auf unsere Internetseite ist der Inhaber:<\/p>\n\n\n\n<p><strong>121fitness GmbH<br><\/strong>Z\u00fcrichstrasse 94a<br>8700 K\u00fcsnacht<br>Schweiz<br>E-Mail: <a href=\"mailto:christian.kuenzli@121fitness.ch\" target=\"_blank\" rel=\"noreferrer noopener\">christian.kuenzli@121fitness.ch<\/a><br>Tel.: +41 43 817 87 50<\/p>\n\n\n\n<h2 class=\"wp-block-heading\" id=\"jsectionbereitstellungderwebsiteunderstellungvonlogfiles\">Bereitstellung der Website und Erstellung von Logfiles<\/h2>\n\n\n\n<p>Bei jedem Aufruf unserer Internetseite erfasst unser System automatisiert Daten und Informationen des jeweils abrufenden Ger\u00e4tes (z.B. Computer, Mobiltelefon, Tablet, etc.).<\/p>\n\n\n\n<h4 class=\"wp-block-heading\" id=\"jsectionwelchepersonenbezogenendatenwerdenerhobenundinwelchemumfangwerdendiesebearbeitet\">Welche personenbezogenen Daten werden erhoben und in welchem Umfang werden diese bearbeitet?<\/h4>\n\n\n\n<p>(1) Informationen \u00fcber den Browsertyp und die verwendete Version;<br>(2) Das Betriebssystem des Abrufger\u00e4tes;<br>(3) Hostname des zugreifenden Rechners;<br>(4) Die IP-Adresse des Abrufger\u00e4tes;<br>(5) Datum und Uhrzeit des Zugriffs;<br>(6) Websites und Ressourcen (Bilder, Dateien, weitere Seiteninhalte), die auf unserer Internetseite aufgerufen wurden;<br>(7) Websites, von denen das System des Nutzers auf unsere Internetseite gelangte (Referrer-Tracking);<br>(8) Meldung, ob der Abruf erfolgreich war;<br>(9) \u00dcbertragene Datenmenge<\/p>\n\n\n\n<p>Diese Daten werden in den Logfiles unseres Systems gespeichert. Eine Speicherung dieser Daten zusammen mit personenbezogenen Daten eines konkreten Nutzers findet nicht statt, so dass eine Identifizierung einzelner Seitenbesucher nicht erfolgt.<\/p>\n\n\n\n<h4 class=\"wp-block-heading\" id=\"jsectionrechtsgrundlagefrdiebearbeitungpersonenbezogenerdaten\">Rechtsgrundlage f\u00fcr die Bearbeitung personenbezogener Daten<\/h4>\n\n\n\n<p>Die Bearbeitung personenbezogener Daten erfolgt nach dem Prinzip der Rechtm\u00e4ssigkeit (Art. 6 Abs. 1 DSG) und nach dem Gebot von Treu und Glauben (Art. 6 Abs. 2 DSG bzw. Art. 2 ZGB).<\/p>\n\n\n\n<h4 class=\"wp-block-heading\" id=\"jsectionzweckderdatenbearbeitung\">Zweck der Datenbearbeitung<\/h4>\n\n\n\n<p>Die vor\u00fcbergehende (automatisierte) Speicherung der Daten ist f\u00fcr den Ablauf eines Websitebesuchs erforderlich, um eine Auslieferung der Website zu erm\u00f6glichen. Die Speicherung und Bearbeitung der personenbezogenen Daten erfolgt zudem zur Erhaltung der Kompatibilit\u00e4t unserer Internetseite f\u00fcr m\u00f6glichst alle Besucher und zur Missbrauchsbek\u00e4mpfung und St\u00f6rungsbeseitigung. Hierf\u00fcr ist es notwendig, die technischen Daten des abrufenden Rechners zu loggen, um so fr\u00fchestm\u00f6glich auf Darstellungsfehler, Angriffe auf unsere IT-Systeme und\/oder Fehler der Funktionalit\u00e4t unserer Internetseite reagieren zu k\u00f6nnen. Zudem dienen uns die Daten zur Optimierung der Website und zur generellen Sicherstellung der Sicherheit unserer informationstechnischen Systeme.<\/p>\n\n\n\n<h4 class=\"wp-block-heading\" id=\"jsectiondauerderspeicherung\">Dauer der Speicherung<\/h4>\n\n\n\n<p>Die L\u00f6schung der vorgenannten technischen Daten erfolgt, sobald sie nicht mehr ben\u00f6tigt werden, um die Kompatibilit\u00e4t der Internetseite f\u00fcr alle Besucher zu gew\u00e4hrleisten, sp\u00e4testens aber 3 Monate nach Abruf unserer Internetseite.<\/p>\n\n\n\n<h4 class=\"wp-block-heading\" id=\"jsectioneinschrnkungswiderspruchsberichtigungsundlschungsmglichkeit\">Einschr\u00e4nkungs-, Widerspruchs-, Berichtigungs- und L\u00f6schungsm\u00f6glichkeit<\/h4>\n\n\n\n<p>Sie k\u00f6nnen jederzeit eine Berichtigung oder L\u00f6schung der Daten verlangen. Welche Rechte Ihnen zustehen und wie Sie diese geltend machen, finden Sie im unteren Bereich dieser Datenschutzerkl\u00e4rung.<\/p>\n\n\n\n<h2 class=\"wp-block-heading\" id=\"jsectionweitergabevonangabenandritte\">Weitergabe von Angaben an Dritte<\/h2>\n\n\n\n<p>Die Bearbeitung personenbezogener Daten erfolgt nach dem Prinzip der Rechtm\u00e4ssigkeit (Art. 6 Abs. 1 DSG) und nach dem Gebot von Treu und Glauben (Art. 6 Abs. 2 DSG bzw. Art. 2 ZGB).<\/p>\n\n\n\n<p>Die Weitergabe von Angaben an Dritte richtet sich nach dem Umfang nachfolgend beschriebener T\u00e4tigkeiten oder Angebote unserer Website bzw. unseres Gesch\u00e4ftsmodells.<\/p>\n\n\n\n<p>Grunds\u00e4tzlich behalten wir Ihre Angaben nur so lange wie n\u00f6tig und behandeln diese vertraulich. Ausgenommen davon sind die \u00dcbertragung personenbezogener Daten an Inkasso-Dienstleister, an \u00f6ffentliche Stellen und Beh\u00f6rden sowie an Privatpersonen, die aufgrund gesetzlicher Bestimmungen, gerichtlichen Entscheidungen oder beh\u00f6rdlichen Anordnungen einen Anspruch darauf haben sowie die \u00dcbertragung an Beh\u00f6rden zum Zwecke der Einleitung rechtlicher Verfahren oder f\u00fcr Strafverfolgungszwecke, falls unsere gesetzlich gesch\u00fctzten Rechte angegriffen werden.<br><\/p>\n\n\n\n<h2 class=\"wp-block-heading\" id=\"jsectioneinbindungexternerwebservicesundbearbeitungvondatenausserhalbdereu\">Optimierte Bilder<\/h2>\n\n\n\n<p>Die auf dieser Webseite dargestellten Bilder werden durch den Dienst \u201eOptimole\u201c optimiert und so ausgeliefert, dass sich keine Verz\u00f6gerungen beim Laden der Seite ergeben. Der Betreiber des Dienstes erfasst und verarbeitet dabei die unter \u201eLogfiles\u201c genannten Daten.<\/p>\n\n\n\n<p>Die Einbindung erfolgt auf Grundlage unseres berechtigten Interesses an der effektiven und wartungsfreien Auslieferung von Bildinhalten sowie zur Gew\u00e4hrleistung eines technisch einwandfreien Nutzererfahrung unserer Besucher.<\/p>\n\n\n\n<ul class=\"wp-block-list\">\n<li>Verarbeitete Datenarten: Meta-\/Kommunikationsdaten (z.B. Ger\u00e4te-Informationen, IP-Adressen)<\/li>\n\n\n\n<li>Betroffene Personen: Nutzer.<\/li>\n\n\n\n<li>Rechtsgrundlagen: Berechtigtes Interesse (Art. 6 Abs. 1 S.1 lit. f DSGVO).<\/li>\n\n\n\n<li>Widerspruchsm\u00f6glichkeit (Opt-Out): \u00dcber das Consent-Tool<\/li>\n<\/ul>\n\n\n\n<p>Anbieter:<br>Vertigo Studio SRL. 20 Povernei Street, 4th Floor, Flat no. 9 010641 Bucharest, Romania; Datenschutz:&nbsp;<a href=\"https:\/\/optimole.com\/privacy-policy\/\">https:\/\/optimole.com\/privacy-policy\/<\/a><br><\/p>\n\n\n\n<h2 class=\"wp-block-heading\" id=\"jsectiondatensicherheitunddatenschutzkommunikationperemail\">Datensicherheit und Datenschutz, Kommunikation per E-Mail<\/h2>\n\n\n\n<p>Ihre personenbezogenen Daten werden durch technische und organisatorische Massnahmen so bei der Erhebung, Speicherung und Bearbeitung gesch\u00fctzt, dass sie f\u00fcr Dritte nicht zug\u00e4nglich sind. Bei einer unverschl\u00fcsselten Kommunikation per E-Mail kann die vollst\u00e4ndige Datensicherheit auf dem \u00dcbertragungsweg zu unseren IT-Systemen von uns nicht gew\u00e4hrleistet werden, sodass wir bei Informationen mit hohem Geheimhaltungsbed\u00fcrfnis eine verschl\u00fcsselte Kommunikation oder den Postweg empfehlen.<\/p>\n\n\n\n<h2 class=\"wp-block-heading\" id=\"jsectiondauerderspeicherungderdatenundrechtederbetroffenenperson\">Dauer der Speicherung der Daten und Rechte der betroffenen Person<\/h2>\n\n\n\n<h3 class=\"wp-block-heading\" id=\"jsectiondauerderspeicherung-1\">Dauer der Speicherung<\/h3>\n\n\n\n<p>Wir speichern die Personendaten nur in dem Umfang und so lange, wie dies f\u00fcr die Erf\u00fcllung der Zwecke, f\u00fcr die die Personendaten erhoben wurden, erforderlich ist, wir an der Aufbewahrung ein berechtigtes \u00fcberwiegendes Interesse haben oder dazu gesetzlich verpflichtet sind.<\/p>\n\n\n\n<h3 class=\"wp-block-heading\" id=\"jsectionauskunftsanspruch\">Auskunftsanspruch<\/h3>\n\n\n\n<p>Sie haben das Recht, eine Best\u00e4tigung dar\u00fcber zu verlangen, ob wir personenbezogene Daten von Ihnen bearbeiten. Sofern dies der Fall ist, haben Sie ein Recht auf Auskunft \u00fcber die in 25 ff. DSG benannten Informationen, soweit die Auskunft durch den Inhaber der Datensammlung nicht verweigert, eingeschr\u00e4nkt oder aufgeschoben werden kann (vgl. Art. 26 f. DSG). Gerne stellen wir Ihnen auch eine Kopie der Daten zur Verf\u00fcgung.<\/p>\n\n\n\n<h3 class=\"wp-block-heading\" id=\"jsectionberichtigungsanspruch\">Berichtigungsanspruch<\/h3>\n\n\n\n<p>Sie haben gem. Art. 32 Abs. 1 DSG das Recht zu verlangen, dass unrichtig hinterlegte personenbezogene Daten (wie z.B. Adresse, Name, etc.) berichtigt werden, sofern diesem Anspruch keine gesetzliche Pflicht entgegensteht. Auch k\u00f6nnen Sie jederzeit eine Vervollst\u00e4ndigung der bei uns gespeicherten Daten verlangen. Eine entsprechende Anpassung erfolgt unverz\u00fcglich.<\/p>\n\n\n\n<h3 class=\"wp-block-heading\" id=\"jsectionrechtauflschung\">Recht auf L\u00f6schung<\/h3>\n\n\n\n<p>Sie haben das Recht, dass wir die \u00fcber Sie erhobenen personenbezogenen Daten l\u00f6schen, wenn<\/p>\n\n\n\n<ul class=\"wp-block-list\">\n<li>die Daten entweder nicht mehr ben\u00f6tigt werden;<\/li>\n\n\n\n<li>aufgrund des Widerrufs Ihrer Einwilligung die Rechtsgrundlage der Bearbeitung ersatzlos entfallen ist;<\/li>\n\n\n\n<li>keine berechtigten Gr\u00fcnde f\u00fcr die Bearbeitung mehr vorliegen;<\/li>\n\n\n\n<li>Ihre Daten unrechtm\u00e4ssig bearbeitet werden;<\/li>\n\n\n\n<li>eine rechtliche Verpflichtung dies erfordert.<\/li>\n<\/ul>\n\n\n\n<p>Das Recht besteht dann nicht, wenn<\/p>\n\n\n\n<ul class=\"wp-block-list\">\n<li>die Bearbeitung zur Aus\u00fcbung des Rechtes auf freie Meinungs\u00e4usserung und Information erforderlich ist;<\/li>\n\n\n\n<li>Ihre Daten auf Grundlage einer rechtlichen Verpflichtung erhoben worden sind;<\/li>\n\n\n\n<li>die Bearbeitung aus Gr\u00fcnden des \u00f6ffentlichen Interesses erforderlich ist;<\/li>\n\n\n\n<li>die Daten zur Geltendmachung, Aus\u00fcbung oder Verteidigung von Rechtsanspr\u00fcchen erforderlich sind.<\/li>\n<\/ul>\n\n\n\n<h3 class=\"wp-block-heading\" id=\"jsectionrechtaufwiderruf\">Recht auf Widerruf<\/h3>\n\n\n\n<p>Sofern Sie uns eine ausdr\u00fcckliche Einwilligung in die Bearbeitung Ihrer personenbezogenen Daten erteilt haben (Art. 6 Abs. 6 DSG und Art. 31 Abs. 1 DSG) k\u00f6nnen Sie diese jederzeit widerrufen. Bitte beachten Sie, dass die Rechtm\u00e4ssigkeit der aufgrund der Einwilligung bis zum Widerruf erfolgten Bearbeitung hierdurch nicht ber\u00fchrt wird. Angaben, f\u00fcr welche wir gesetzlich zur Aufbewahrung verpflichtet sind, werden nach Fristablauf gel\u00f6scht.<\/p>\n\n\n\n<h3 class=\"wp-block-heading\" id=\"jsectionwienehmensieihrerechtewahr\">Wie nehmen Sie Ihre Rechte wahr?<\/h3>\n\n\n\n<p>Ihre Rechte k\u00f6nnen Sie jederzeit wahrnehmen, indem Sie sich an die untenstehenden Kontaktdaten wenden:<\/p>\n\n\n\n<p>121fitness GmbH<br>Z\u00fcrichstrasse 94a<br>8700 K\u00fcsnacht<br>Schweiz<br>E-Mail: <a href=\"mailto:christian.kuenzli@121fitness.ch\" rel=\"noreferrer noopener\" target=\"_blank\">christian.kuenzli@121fitness.ch<\/a><br>Tel.: +41 43 817 87 50<\/p>\n\n\n\n<h2 class=\"wp-block-heading\" id=\"jsectionrechtaufdatenbertragbarkeit\">Recht auf Daten\u00fcbertragbarkeit<\/h2>\n\n\n\n<p>Wir stellen Ihnen auf Anfrage folgende Daten bereit:<\/p>\n\n\n\n<ul class=\"wp-block-list\">\n<li>Daten, die aufgrund einer Einwilligung (Art. 31 Abs. 1 DSG) erhoben wurden;<\/li>\n\n\n\n<li>Daten, die wir im Rahmen bestehender Vertr\u00e4ge von Ihnen erhalten haben (Art. 31 Abs. 2 Bst. a DSG);<\/li>\n\n\n\n<li>Daten, die im Rahmen eines automatisierten Verfahrens bearbeitet worden sind.<\/li>\n<\/ul>\n\n\n\n<p>Die \u00dcbertragung der personenbezogenen Daten direkt an einen von Ihnen gew\u00fcnschten Verantwortlichen werden wir vornehmen, soweit dies technisch machbar ist. Bitte beachten Sie, dass wir Daten, die in \u00fcberwiegende Interessen Dritter eingreifen gem. Art 26 Abs. 1 Bst. b DSG nicht oder nur eingeschr\u00e4nkt \u00fcbertragen d\u00fcrfen.<\/p>\n\n\n\n<h2 class=\"wp-block-heading\" id=\"jsectionmitteilungenandenedbundklagemglichkeit\">Mitteilungen an den ED\u00d6B und Klagem\u00f6glichkeit<\/h2>\n\n\n\n<p>Betroffene Personen k\u00f6nnen gem\u00e4ss Art. 49 DSG bei der Aufsichtsbeh\u00f6rde eine Anzeige machen, wenn gen\u00fcgend Anzeichen bestehen, dass eine Datenbearbeitung gegen die Datenschutzvorschriften verstossen k\u00f6nnte. Aufsichtsbeh\u00f6rde f\u00fcr den Datenschutz in der Schweiz ist der Eidgen\u00f6ssische Datenschutz- und \u00d6ffentlichkeitsbeauftragte (ED\u00d6B).<\/p>\n\n\n\n<p>Weiteres entnehmen Sie dem Kontaktformular des ED\u00d6B: <a href=\"https:\/\/www.edoeb.admin.ch\/edoeb\/de\/home\/deredoeb\/kontakt.html\" rel=\"noreferrer noopener\" target=\"_blank\">https:\/\/www.edoeb.admin.ch\/edoeb\/de\/home\/deredoeb\/kontakt.html<\/a><\/p>\n\n\n\n<p>Sofern Sie den Verdacht haben, dass auf unserer Seite Ihre Daten rechtswidrig bearbeitet werden, k\u00f6nnen Sie gem. Art. 32 DSG eine gerichtliche Kl\u00e4rung der Problematik herbeif\u00fchren. In der Regel ist hierzu eine Klage nach Art. 28 ff. ZGB anzustreben. Sind Sie von einer Bearbeitung der Daten durch Bundesorgane betroffen richtet sich die Vorgehensweis nach Art. 41 DSG. Auch diesfalls k\u00f6nnen Sie den ED\u00d6B kontaktieren (siehe Hinweis auf das Kontaktformular oben).<\/p>\n\n\n\n<figure class=\"wp-block-image size-full\"><img loading=\"lazy\" decoding=\"async\" width=\"105\" height=\"103\" src=\"https:\/\/mlvejewjhi1k.i.optimole.com\/w:auto\/h:auto\/q:mauto\/f:avif\/https:\/\/121fitness.ch\/wp-content\/uploads\/2023\/09\/image-2.png\" alt=\"\" class=\"wp-image-256\"\/><\/figure>\n\n\n\n<h2 class=\"wp-block-heading\">Legally ok &#8211; Datenschutzl\u00f6sung f\u00fcr Websites<\/h2>\n\n\n\n<p>Die Datenschutzerkl\u00e4rung dieser Website wurden kostenlos mit der All-in-One Website Datenschutzl\u00f6sung <a href=\"https:\/\/www.legally-ok.com\/dse-legally-free\/\">Legally ok<\/a> erstellt.<\/p>\n\n\n\n<div style=\"height:150px\" aria-hidden=\"true\" class=\"wp-block-spacer\"><\/div>\n<\/div>\n\n\n\n<section id=\"kontakt\" class=\"wp-block-group is-layout-constrained wp-block-group-is-layout-constrained\">\n<div class=\"wp-block-group has-background is-vertical is-content-justification-center is-nowrap is-layout-flex wp-container-core-group-is-layout-857ef822 wp-block-group-is-layout-flex\" style=\"background-color:#f2f2f2\">\n<h2 class=\"wp-block-heading\">Kontakt \/ Impressum<\/h2>\n\n\n\n<hr class=\"wp-block-separator has-alpha-channel-opacity\"\/>\n\n\n\n<div class=\"wp-block-columns is-layout-flex wp-container-core-columns-is-layout-28f84493 wp-block-columns-is-layout-flex\">\n<div class=\"wp-block-column is-layout-flow wp-block-column-is-layout-flow\">\n<p><strong>Christian K\u00fcnzli<\/strong><br>Z\u00fcrichstrasse 94a &#8211; 8700 K\u00fcsnacht<br><a href=\"mailto:christian.kuenzli@121fitness.ch\">christian.kuenzli@121fitness.ch<\/a><\/p>\n<\/div>\n\n\n\n<div class=\"wp-block-column is-layout-flow wp-block-column-is-layout-flow\">\n<p><strong>Evelyne K\u00fcnzli<\/strong><br>Z\u00fcrichstrasse 94a &#8211; 8700 K\u00fcsnacht<br><a href=\"mailto:evelyne.kuenzli@121fitness.ch\">evelyne.kuenzli@121fitness.ch<\/a><\/p>\n<\/div>\n<\/div>\n\n\n\n<hr class=\"wp-block-separator has-alpha-channel-opacity\" style=\"margin-top:0px;margin-bottom:0px\"\/>\n\n\n\n<div class=\"wp-block-columns is-layout-flex wp-container-core-columns-is-layout-28f84493 wp-block-columns-is-layout-flex\">\n<div class=\"wp-block-column is-layout-flow wp-block-column-is-layout-flow\">\n<p><a href=\"https:\/\/121fitness.ch\/de\/impressum\/\">Impressum<\/a> | <a href=\"https:\/\/121fitness.ch\/de\/datenschutz\/\">Datenschutz<\/a><\/p>\n<\/div>\n<\/div>\n<\/div>\n<\/section>\n","protected":false},"excerpt":{"rendered":"<p>Datenschutzerkl\u00e4rung Um Informationen zu den personenbezogenen Daten, dem Zweck und den Parteien, welchen diese Daten mitgeteilt werden, zu erhalten, kontaktieren Sie den Eigent\u00fcmer Anbieter und Verantwortlicher 121fitness GmbH Z\u00fcrichstrasse 94a CH-8700 K\u00fcsnacht E-Mail-Adresse des Anbieters: christian.kuenzli@121fitness.ch Arten der erhobenen Daten Der Eigent\u00fcmer stellt keine Auflistung der erhobenen personenbezogenen Daten zur Verf\u00fcgung. Vollst\u00e4ndige Details zu jeder [&hellip;]<\/p>\n","protected":false},"author":1,"featured_media":0,"parent":0,"menu_order":0,"comment_status":"closed","ping_status":"closed","template":"","meta":{"footnotes":""},"class_list":["post-3","page","type-page","status-publish","hentry"],"yoast_head":"<!-- This site is optimized with the Yoast SEO plugin v21.0 - https:\/\/yoast.com\/wordpress\/plugins\/seo\/ -->\n<title>Datenschutzerkl\u00e4rung - 121Fitness - a special one to one experience<\/title>\n<meta name=\"robots\" content=\"index, follow, max-snippet:-1, max-image-preview:large, max-video-preview:-1\" \/>\n<link rel=\"canonical\" href=\"https:\/\/121fitness.ch\/de\/datenschutz\/\" \/>\n<meta property=\"og:locale\" content=\"de_DE\" \/>\n<meta property=\"og:type\" content=\"article\" \/>\n<meta property=\"og:title\" content=\"Datenschutzerkl\u00e4rung - 121Fitness - a special one to one experience\" \/>\n<meta property=\"og:description\" content=\"Datenschutzerkl\u00e4rung Um Informationen zu den personenbezogenen Daten, dem Zweck und den Parteien, welchen diese Daten mitgeteilt werden, zu erhalten, kontaktieren Sie den Eigent\u00fcmer Anbieter und Verantwortlicher 121fitness GmbH Z\u00fcrichstrasse 94a CH-8700 K\u00fcsnacht E-Mail-Adresse des Anbieters: christian.kuenzli@121fitness.ch Arten der erhobenen Daten Der Eigent\u00fcmer stellt keine Auflistung der erhobenen personenbezogenen Daten zur Verf\u00fcgung. Vollst\u00e4ndige Details zu jeder [&hellip;]\" \/>\n<meta property=\"og:url\" content=\"https:\/\/121fitness.ch\/de\/datenschutz\/\" \/>\n<meta property=\"og:site_name\" content=\"121Fitness - a special one to one experience\" \/>\n<meta property=\"article:modified_time\" content=\"2023-09-08T11:03:53+00:00\" \/>\n<meta property=\"og:image\" content=\"https:\/\/mlvejewjhi1k.i.optimole.com\/w:auto\/h:auto\/q:mauto\/f:avif\/https:\/\/121fitness.ch\/wp-content\/uploads\/2023\/09\/image-2.png\" \/>\n<meta name=\"twitter:card\" content=\"summary_large_image\" \/>\n<meta name=\"twitter:label1\" content=\"Gesch\u00e4tzte Lesezeit\" \/>\n\t<meta name=\"twitter:data1\" content=\"21\u00a0Minuten\" \/>\n<script type=\"application\/ld+json\" class=\"yoast-schema-graph\">{\"@context\":\"https:\/\/schema.org\",\"@graph\":[{\"@type\":\"WebPage\",\"@id\":\"https:\/\/121fitness.ch\/datenschutz\/\",\"url\":\"https:\/\/121fitness.ch\/datenschutz\/\",\"name\":\"Datenschutzerkl\u00e4rung - 121Fitness - a special one to one experience\",\"isPartOf\":{\"@id\":\"https:\/\/121fitness.ch\/de\/#website\"},\"datePublished\":\"2023-01-19T12:26:39+00:00\",\"dateModified\":\"2023-09-08T11:03:53+00:00\",\"breadcrumb\":{\"@id\":\"https:\/\/121fitness.ch\/datenschutz\/#breadcrumb\"},\"inLanguage\":\"de-CH\",\"potentialAction\":[{\"@type\":\"ReadAction\",\"target\":[\"https:\/\/121fitness.ch\/datenschutz\/\"]}]},{\"@type\":\"BreadcrumbList\",\"@id\":\"https:\/\/121fitness.ch\/datenschutz\/#breadcrumb\",\"itemListElement\":[{\"@type\":\"ListItem\",\"position\":1,\"name\":\"Home\",\"item\":\"https:\/\/121fitness.ch\/\"},{\"@type\":\"ListItem\",\"position\":2,\"name\":\"Datenschutzerkl\u00e4rung\"}]},{\"@type\":\"WebSite\",\"@id\":\"https:\/\/121fitness.ch\/de\/#website\",\"url\":\"https:\/\/121fitness.ch\/de\/\",\"name\":\"121Fitness - a special one to one experience\",\"description\":\"\",\"potentialAction\":[{\"@type\":\"SearchAction\",\"target\":{\"@type\":\"EntryPoint\",\"urlTemplate\":\"https:\/\/121fitness.ch\/de\/?s={search_term_string}\"},\"query-input\":\"required name=search_term_string\"}],\"inLanguage\":\"de-CH\"}]}<\/script>\n<!-- \/ Yoast SEO plugin. -->","yoast_head_json":{"title":"Datenschutzerkl\u00e4rung - 121Fitness - a special one to one experience","robots":{"index":"index","follow":"follow","max-snippet":"max-snippet:-1","max-image-preview":"max-image-preview:large","max-video-preview":"max-video-preview:-1"},"canonical":"https:\/\/121fitness.ch\/de\/datenschutz\/","og_locale":"de_DE","og_type":"article","og_title":"Datenschutzerkl\u00e4rung - 121Fitness - a special one to one experience","og_description":"Datenschutzerkl\u00e4rung Um Informationen zu den personenbezogenen Daten, dem Zweck und den Parteien, welchen diese Daten mitgeteilt werden, zu erhalten, kontaktieren Sie den Eigent\u00fcmer Anbieter und Verantwortlicher 121fitness GmbH Z\u00fcrichstrasse 94a CH-8700 K\u00fcsnacht E-Mail-Adresse des Anbieters: christian.kuenzli@121fitness.ch Arten der erhobenen Daten Der Eigent\u00fcmer stellt keine Auflistung der erhobenen personenbezogenen Daten zur Verf\u00fcgung. Vollst\u00e4ndige Details zu jeder [&hellip;]","og_url":"https:\/\/121fitness.ch\/de\/datenschutz\/","og_site_name":"121Fitness - a special one to one experience","article_modified_time":"2023-09-08T11:03:53+00:00","og_image":[{"url":"https:\/\/mlvejewjhi1k.i.optimole.com\/w:auto\/h:auto\/q:mauto\/f:avif\/https:\/\/121fitness.ch\/wp-content\/uploads\/2023\/09\/image-2.png"}],"twitter_card":"summary_large_image","twitter_misc":{"Gesch\u00e4tzte Lesezeit":"21\u00a0Minuten"},"schema":{"@context":"https:\/\/schema.org","@graph":[{"@type":"WebPage","@id":"https:\/\/121fitness.ch\/datenschutz\/","url":"https:\/\/121fitness.ch\/datenschutz\/","name":"Datenschutzerkl\u00e4rung - 121Fitness - a special one to one experience","isPartOf":{"@id":"https:\/\/121fitness.ch\/de\/#website"},"datePublished":"2023-01-19T12:26:39+00:00","dateModified":"2023-09-08T11:03:53+00:00","breadcrumb":{"@id":"https:\/\/121fitness.ch\/datenschutz\/#breadcrumb"},"inLanguage":"de-CH","potentialAction":[{"@type":"ReadAction","target":["https:\/\/121fitness.ch\/datenschutz\/"]}]},{"@type":"BreadcrumbList","@id":"https:\/\/121fitness.ch\/datenschutz\/#breadcrumb","itemListElement":[{"@type":"ListItem","position":1,"name":"Home","item":"https:\/\/121fitness.ch\/"},{"@type":"ListItem","position":2,"name":"Datenschutzerkl\u00e4rung"}]},{"@type":"WebSite","@id":"https:\/\/121fitness.ch\/de\/#website","url":"https:\/\/121fitness.ch\/de\/","name":"121Fitness - a special one to one experience","description":"","potentialAction":[{"@type":"SearchAction","target":{"@type":"EntryPoint","urlTemplate":"https:\/\/121fitness.ch\/de\/?s={search_term_string}"},"query-input":"required name=search_term_string"}],"inLanguage":"de-CH"}]}},"_links":{"self":[{"href":"https:\/\/121fitness.ch\/de\/wp-json\/wp\/v2\/pages\/3","targetHints":{"allow":["GET"]}}],"collection":[{"href":"https:\/\/121fitness.ch\/de\/wp-json\/wp\/v2\/pages"}],"about":[{"href":"https:\/\/121fitness.ch\/de\/wp-json\/wp\/v2\/types\/page"}],"author":[{"embeddable":true,"href":"https:\/\/121fitness.ch\/de\/wp-json\/wp\/v2\/users\/1"}],"replies":[{"embeddable":true,"href":"https:\/\/121fitness.ch\/de\/wp-json\/wp\/v2\/comments?post=3"}],"version-history":[{"count":18,"href":"https:\/\/121fitness.ch\/de\/wp-json\/wp\/v2\/pages\/3\/revisions"}],"predecessor-version":[{"id":265,"href":"https:\/\/121fitness.ch\/de\/wp-json\/wp\/v2\/pages\/3\/revisions\/265"}],"wp:attachment":[{"href":"https:\/\/121fitness.ch\/de\/wp-json\/wp\/v2\/media?parent=3"}],"curies":[{"name":"wp","href":"https:\/\/api.w.org\/{rel}","templated":true}]}}